{"id":62,"date":"2023-07-28T22:06:38","date_gmt":"2023-07-28T20:06:38","guid":{"rendered":"https:\/\/os-donji-kraljevec.skole.hr\/?page_id=62"},"modified":"2026-01-14T18:42:25","modified_gmt":"2026-01-14T17:42:25","slug":"knjiznica","status":"publish","type":"page","link":"https:\/\/os-donji-kraljevec.skole.hr\/?page_id=62","title":{"rendered":"Knji\u017enica"},"content":{"rendered":"<p>[et_pb_section fb_built=&#8221;1&#8243; _builder_version=&#8221;4.25.0&#8243; _module_preset=&#8221;default&#8221; global_colors_info=&#8221;{}&#8221;][et_pb_row column_structure=&#8221;1_2,1_2&#8243; _builder_version=&#8221;4.25.0&#8243; _module_preset=&#8221;default&#8221; global_colors_info=&#8221;{}&#8221;][et_pb_column type=&#8221;1_2&#8243; _builder_version=&#8221;4.25.0&#8243; _module_preset=&#8221;default&#8221; global_colors_info=&#8221;{}&#8221;][et_pb_text _builder_version=&#8221;4.25.0&#8243; _module_preset=&#8221;default&#8221; global_colors_info=&#8221;{}&#8221;]<\/p>\n<h3><strong>Knji\u017enica<\/strong><\/h3>\n<p style=\"text-align: center\">[\/et_pb_text][et_pb_image src=&#8221;https:\/\/os-donji-kraljevec.skole.hr\/wp-content\/uploads\/sites\/428\/2025\/09\/knjiga.jpg&#8221; title_text=&#8221;knjiga&#8221; align=&#8221;center&#8221; _builder_version=&#8221;4.25.0&#8243; _module_preset=&#8221;default&#8221; global_colors_info=&#8221;{}&#8221;][\/et_pb_image][et_pb_text _builder_version=&#8221;4.25.0&#8243; _module_preset=&#8221;default&#8221; global_colors_info=&#8221;{}&#8221;][\/et_pb_text][\/et_pb_column][et_pb_column type=&#8221;1_2&#8243; _builder_version=&#8221;4.25.0&#8243; _module_preset=&#8221;default&#8221; global_colors_info=&#8221;{}&#8221;][et_pb_text _builder_version=&#8221;4.25.0&#8243; _module_preset=&#8221;default&#8221; global_colors_info=&#8221;{}&#8221;]<\/p>\n<p align=\"center\"><strong>Knji\u017eni\u010darka:<\/strong><\/p>\n<p align=\"center\">Matea Herman Tala\u0161<\/p>\n<p align=\"center\"><strong>Radno vrijeme \u0161kolske knji\u017enice:<\/strong><\/p>\n<p align=\"center\"><span>UTORAK: 8:00 &#8211; 14:00<\/span><\/p>\n<p align=\"center\"><span>\u010cETVRTAK: 8:00 \u2013 14:00<\/span><\/p>\n<p align=\"center\"><span>SVAKI DRUGI PETAK: 8:00 &#8211; 14:00<\/span><\/p>\n<p>&nbsp;<\/p>\n<p style=\"text-align: center\">[\/et_pb_text][et_pb_text _builder_version=&#8221;4.25.0&#8243; _module_preset=&#8221;default&#8221; global_colors_info=&#8221;{}&#8221;]<\/p>\n<p style=\"text-align: justify\"><span>Knji\u017enica nije samo polica s knjigama \u2013 ona je sigurno mjesto za sve koji vole sanjati, istra\u017eivati i otkrivati. Ovdje rastemo zajedno, dijelimo ideje i otkrivamo \u010daroliju pisane rije\u010di.\u00a0<\/span><\/p>\n<p style=\"text-align: justify\"><span><\/span><\/p>\n<div>\n<div><em>&#8220;Knjiga je san koji dr\u017eite u ruci.&#8221;<\/em><span>\u00a0<\/span>\u2013 Neil Gaiman<\/div>\n<\/div>\n<div><\/div>\n<div><\/div>\n<div style=\"text-align: right\">Zato sanjajmo zajedno.<\/div>\n<div>\n<div style=\"text-align: right\">va\u0161a knji\u017eni\u010darka Matea<\/div>\n<\/div>\n<p>[\/et_pb_text][et_pb_text _builder_version=&#8221;4.25.0&#8243; _module_preset=&#8221;default&#8221; hover_enabled=&#8221;0&#8243; sticky_enabled=&#8221;0&#8243;]<\/p>\n<p><strong>Online katalog<\/strong><\/p>\n<p>U na\u0161em\u00a0online katalogu mo\u017eete prona\u0107i sve novitete, lektirne naslove i ostalu gra\u0111u koja se nalazi u \u0161kolskoj knji\u017enici, kao i provjeriti dostupnost odre\u0111ene knjige.<\/p>\n<p>Online katalog daje odgovore na sljede\u0107a pitanja:<\/p>\n<p>Postoji li knjiga koja mi treba u mojoj \u0161kolskoj knji\u017enici?<br \/>Koliko primjeraka odre\u0111ene knjige ima moja knji\u017enica?<br \/>Koliko primjeraka nekog naslova je ve\u0107 posu\u0111eno?<br \/>Koliko je dostupnih knjiga u odre\u0111enom trenutku.<br \/>Kada je rok povrata knjige koja mi treba?<\/p>\n<p>Klikom na poveznicu otvara se Online katalog knji\u017enice O\u0160 Donji Kraljevec:\u00a0<a href=\"https:\/\/library.foi.hr\/lib\/index.php?B=857\" target=\"_blank\" data-saferedirecturl=\"https:\/\/www.google.com\/url?q=https:\/\/library.foi.hr\/lib\/index.php?B%3D857&amp;source=gmail&amp;ust=1768481742425000&amp;usg=AOvVaw1Bkcs1_nPImhl-u5W5eY1Z\" rel=\"noopener\">https:\/\/library.foi.hr\/lib\/index.php?B=857<\/a>\u00a0<\/p>\n<p>&nbsp;<\/p>\n<p>[\/et_pb_text][\/et_pb_column][\/et_pb_row][\/et_pb_section]<\/p>\n","protected":false},"excerpt":{"rendered":"<p>Knji\u017enica Knji\u017eni\u010darka: Matea Herman Tala\u0161 Radno vrijeme \u0161kolske knji\u017enice: UTORAK: 8:00 &#8211; 14:00 \u010cETVRTAK: 8:00 \u2013 14:00 SVAKI DRUGI PETAK: 8:00 &#8211; 14:00 &nbsp; Knji\u017enica nije samo polica s knjigama \u2013 ona je sigurno mjesto za sve koji vole sanjati, istra\u017eivati i otkrivati. Ovdje rastemo zajedno, dijelimo ideje i otkrivamo \u010daroliju pisane rije\u010di.\u00a0 &#8220;Knjiga je [&hellip;]<\/p>\n","protected":false},"author":0,"featured_media":0,"parent":0,"menu_order":0,"comment_status":"closed","ping_status":"closed","template":"","meta":{"_et_pb_use_builder":"on","_et_pb_old_content":"<!-- wp:divi\/placeholder \/-->","_et_gb_content_width":"","footnotes":""},"class_list":["post-62","page","type-page","status-publish","hentry"],"_links":{"self":[{"href":"https:\/\/os-donji-kraljevec.skole.hr\/index.php?rest_route=\/wp\/v2\/pages\/62","targetHints":{"allow":["GET"]}}],"collection":[{"href":"https:\/\/os-donji-kraljevec.skole.hr\/index.php?rest_route=\/wp\/v2\/pages"}],"about":[{"href":"https:\/\/os-donji-kraljevec.skole.hr\/index.php?rest_route=\/wp\/v2\/types\/page"}],"replies":[{"embeddable":true,"href":"https:\/\/os-donji-kraljevec.skole.hr\/index.php?rest_route=%2Fwp%2Fv2%2Fcomments&post=62"}],"version-history":[{"count":8,"href":"https:\/\/os-donji-kraljevec.skole.hr\/index.php?rest_route=\/wp\/v2\/pages\/62\/revisions"}],"predecessor-version":[{"id":300180,"href":"https:\/\/os-donji-kraljevec.skole.hr\/index.php?rest_route=\/wp\/v2\/pages\/62\/revisions\/300180"}],"wp:attachment":[{"href":"https:\/\/os-donji-kraljevec.skole.hr\/index.php?rest_route=%2Fwp%2Fv2%2Fmedia&parent=62"}],"curies":[{"name":"wp","href":"https:\/\/api.w.org\/{rel}","templated":true}]}}