{"id":38,"date":"2023-07-28T22:04:21","date_gmt":"2023-07-28T20:04:21","guid":{"rendered":"https:\/\/os-donji-kraljevec.skole.hr\/?page_id=38"},"modified":"2026-04-16T21:39:26","modified_gmt":"2026-04-16T19:39:26","slug":"kucni-red","status":"publish","type":"page","link":"https:\/\/os-donji-kraljevec.skole.hr\/?page_id=38","title":{"rendered":"Djelatnici"},"content":{"rendered":"<p>[et_pb_section fb_built=&#8221;1&#8243; _builder_version=&#8221;4.25.0&#8243; _module_preset=&#8221;default&#8221; global_colors_info=&#8221;{}&#8221;][et_pb_row column_structure=&#8221;1_3,1_3,1_3&#8243; _builder_version=&#8221;4.25.0&#8243; _module_preset=&#8221;default&#8221; global_colors_info=&#8221;{}&#8221;][et_pb_column type=&#8221;1_3&#8243; _builder_version=&#8221;4.25.0&#8243; _module_preset=&#8221;default&#8221; global_colors_info=&#8221;{}&#8221;][et_pb_text _builder_version=&#8221;4.25.0&#8243; _module_preset=&#8221;default&#8221; global_colors_info=&#8221;{}&#8221;]<\/p>\n<h3 style=\"text-align: left\"><strong>Djelatnici \u0161kole<\/strong><\/h3>\n<p style=\"text-align: center\"><strong>Ravnateljica:<span>\u00a0<\/span><\/strong>Sandra Vlahek<\/p>\n<p style=\"text-align: center\"><strong>Tajnica:<span>\u00a0<\/span><\/strong>Bla\u017eenka Hegedu\u0161<\/p>\n<p style=\"text-align: center\"><strong>Pedagoginja:<span>\u00a0<\/span><\/strong>Katarina \u0160ercer Ivanovi\u0107<\/p>\n<p style=\"text-align: center\"><strong>na zamjeni<\/strong>: Anja Najman<\/p>\n<p style=\"text-align: center\"><strong>Knji\u017eni\u010darka<\/strong>:<\/p>\n<p style=\"text-align: center\">Matea Herman Tala\u0161<\/p>\n<p>[\/et_pb_text][et_pb_text _builder_version=&#8221;4.27.6&#8243; _module_preset=&#8221;default&#8221; hover_enabled=&#8221;0&#8243; global_colors_info=&#8221;{}&#8221; sticky_enabled=&#8221;0&#8243;]<\/p>\n<p style=\"text-align: center\"><strong>Tehni\u010dko osoblje:<\/strong><\/p>\n<p style=\"text-align: center\">Renata Borko<\/p>\n<p style=\"text-align: center\">Andreja Habu\u0161<\/p>\n<p style=\"text-align: center\">\u00a0Katarina Vuk<\/p>\n<p style=\"text-align: center\">Danica Vadlja<\/p>\n<p style=\"text-align: center\">Nada Vrbanec<\/p>\n<p style=\"text-align: center\">Milica Jurmi\u0107<\/p>\n<p style=\"text-align: center\">Kristina Zrna<\/p>\n<p style=\"text-align: center\">Ivica Se\u010dan<\/p>\n<p style=\"text-align: center\">Bla\u017eenko Krznar<\/p>\n<p>[\/et_pb_text][\/et_pb_column][et_pb_column type=&#8221;1_3&#8243; _builder_version=&#8221;4.25.0&#8243; _module_preset=&#8221;default&#8221; global_colors_info=&#8221;{}&#8221;][et_pb_text _builder_version=&#8221;4.25.0&#8243; _module_preset=&#8221;default&#8221; global_colors_info=&#8221;{}&#8221;]<\/p>\n<p style=\"text-align: center\"><strong>Razredna nastava:<\/strong><\/p>\n<p style=\"text-align: center\">Petra Prgomet<\/p>\n<p style=\"text-align: center\">na zamjeni: Patricia Pavlic<\/p>\n<p style=\"text-align: center\">\n<p style=\"text-align: center\">Martina Radi\u0107<\/p>\n<p style=\"text-align: center\">Anita Puri\u0107<\/p>\n<p style=\"text-align: center\">Miljenka\u00a0Vidovi\u0107 &#8211;\u00a0<span>Mohl<\/span><\/p>\n<p style=\"text-align: center\">\n<p style=\"text-align: center\"><strong>Produ\u017eeni boravak:<\/strong><\/p>\n<p style=\"text-align: center\">Sara Sabol<\/p>\n<p>[\/et_pb_text][\/et_pb_column][et_pb_column type=&#8221;1_3&#8243; _builder_version=&#8221;4.25.0&#8243; _module_preset=&#8221;default&#8221; global_colors_info=&#8221;{}&#8221;][et_pb_text _builder_version=&#8221;4.25.0&#8243; _module_preset=&#8221;default&#8221; width=&#8221;100%&#8221; global_colors_info=&#8221;{}&#8221;]<\/p>\n<p style=\"text-align: center\"><strong>Hrvatski jezik:<\/strong>\u00a0Dubravka Horvat<\/p>\n<p style=\"text-align: center\"><strong>Likovna kultura<\/strong>: Magdalena Sklepi\u0107<\/p>\n<p style=\"text-align: center\"><strong>Glazbena kultura:\u00a0<\/strong>Krunoslav Lajtman<\/p>\n<p style=\"text-align: center\"><strong>Engleski jezik:<span>\u00a0<\/span><\/strong>Dunja Novak<\/p>\n<p style=\"text-align: center\"><strong>Matematika:<span>\u00a0<\/span><\/strong>Sanja Horvat Pahek<\/p>\n<p style=\"text-align: center\"><strong>Priroda, Biologija:<\/strong><span>\u00a0<\/span>Marija Puri\u0107 Hranjec<\/p>\n<p style=\"text-align: center\"><strong>Kemija:<\/strong>\u00a0Dorotea \u017dvorc<\/p>\n<p style=\"text-align: center\"><strong>Fizika:<\/strong>\u00a0Marko Krha\u010d<\/p>\n<p style=\"text-align: center\"><strong>Povijest:<\/strong><span> Ljerka Toplek<\/span><\/p>\n<p style=\"text-align: center\"><strong>Geografija<\/strong>: Alen Mudri<\/p>\n<p style=\"text-align: center\"><strong>Tehni\u010dka kultura:<\/strong><span>\u00a0<\/span>Nevenka Reif<\/p>\n<p style=\"text-align: center\"><strong>Tjelesna i zdravstvena kultura:<\/strong><span>\u00a0<\/span><\/p>\n<p style=\"text-align: center\">Damir \u017degarac<\/p>\n<p style=\"text-align: center\"><strong>Njema\u010dki jezik:<span>\u00a0<\/span><\/strong><\/p>\n<p style=\"text-align: center\">Ksenija Vugrinec Krumpi\u0107<\/p>\n<p style=\"text-align: center\"><strong>Informatika:<\/strong><span>\u00a0<\/span>Ana Dove\u010der<\/p>\n<p style=\"text-align: center\"><strong>Vjeronauk:<\/strong><\/p>\n<p style=\"text-align: center\">Jelena Hui\u0107 Sever<\/p>\n<p style=\"text-align: center\">Zvjezdana Fran\u010di\u0107<\/p>\n<p>[\/et_pb_text][\/et_pb_column][\/et_pb_row][\/et_pb_section]<\/p>\n","protected":false},"excerpt":{"rendered":"<p>Djelatnici \u0161kole Ravnateljica:\u00a0Sandra Vlahek Tajnica:\u00a0Bla\u017eenka Hegedu\u0161 Pedagoginja:\u00a0Katarina \u0160ercer Ivanovi\u0107 na zamjeni: Anja Najman Knji\u017eni\u010darka: Matea Herman Tala\u0161Tehni\u010dko osoblje: Renata Borko Andreja Habu\u0161 \u00a0Katarina Vuk Danica Vadlja Nada Vrbanec Milica Jurmi\u0107 Kristina Zrna Ivica Se\u010dan Bla\u017eenko KrznarRazredna nastava: Petra Prgomet na zamjeni: Patricia Pavlic Martina Radi\u0107 Anita Puri\u0107 Miljenka\u00a0Vidovi\u0107 &#8211;\u00a0Mohl Produ\u017eeni boravak: Sara SabolHrvatski jezik:\u00a0Dubravka Horvat [&hellip;]<\/p>\n","protected":false},"author":0,"featured_media":0,"parent":0,"menu_order":0,"comment_status":"closed","ping_status":"closed","template":"","meta":{"_et_pb_use_builder":"on","_et_pb_old_content":"","_et_gb_content_width":"","footnotes":""},"class_list":["post-38","page","type-page","status-publish","hentry"],"_links":{"self":[{"href":"https:\/\/os-donji-kraljevec.skole.hr\/index.php?rest_route=\/wp\/v2\/pages\/38","targetHints":{"allow":["GET"]}}],"collection":[{"href":"https:\/\/os-donji-kraljevec.skole.hr\/index.php?rest_route=\/wp\/v2\/pages"}],"about":[{"href":"https:\/\/os-donji-kraljevec.skole.hr\/index.php?rest_route=\/wp\/v2\/types\/page"}],"replies":[{"embeddable":true,"href":"https:\/\/os-donji-kraljevec.skole.hr\/index.php?rest_route=%2Fwp%2Fv2%2Fcomments&post=38"}],"version-history":[{"count":18,"href":"https:\/\/os-donji-kraljevec.skole.hr\/index.php?rest_route=\/wp\/v2\/pages\/38\/revisions"}],"predecessor-version":[{"id":301371,"href":"https:\/\/os-donji-kraljevec.skole.hr\/index.php?rest_route=\/wp\/v2\/pages\/38\/revisions\/301371"}],"wp:attachment":[{"href":"https:\/\/os-donji-kraljevec.skole.hr\/index.php?rest_route=%2Fwp%2Fv2%2Fmedia&parent=38"}],"curies":[{"name":"wp","href":"https:\/\/api.w.org\/{rel}","templated":true}]}}